    
{"id":3799,"date":"2018-01-29T10:26:32","date_gmt":"2018-01-29T09:26:32","guid":{"rendered":"https:\/\/www.abenex.com\/team\/herve-claquin\/"},"modified":"2023-09-20T17:36:51","modified_gmt":"2023-09-20T15:36:51","slug":"herve-claquin","status":"publish","type":"team","link":"https:\/\/www.abenex.com\/fr\/team\/herve-claquin\/","title":{"rendered":"Herv\u00e9 Claquin"},"content":{"rendered":"<p>Herv\u00e9 est Associ\u00e9 chez Abenex. Apr\u00e8s avoir dirig\u00e9 plusieurs activit\u00e9s du groupe ABN AMRO \u00e0 Paris (salle des March\u00e9s, Fusions &amp; Acquisitions, etc.) Herv\u00e9 a \u00e9t\u00e9 le fondateur de l\u2019activit\u00e9 Private Equity\u00a0 du Groupe en France, qui deviendra Abenex lors de sa prise d\u2019ind\u00e9pendance en 2008.<\/p>\n<p>Herv\u00e9 est originaire de Paris. Parmi les tr\u00e8s nombreuses op\u00e9rations qu\u2019il a dirig\u00e9es, il est notamment \u00e0 l\u2019origine du premier Public to Private (acquisition avec effet de levier sur une soci\u00e9t\u00e9 cot\u00e9e, suivi d\u2019un retrait de la cote) r\u00e9alis\u00e9 \u00e0\u00a0 la Bourse de Paris en 1999\u00a0 sur la soci\u00e9t\u00e9 AFE. Il a aussi pilot\u00e9 l\u2019une des plus grosses op\u00e9rations de ce type avec l\u2019acquisition du Groupe de Dietrich pour 500 M\u20ac en 2000. Herv\u00e9 a \u00e9t\u00e9 membre du Conseil d\u2019administration de l\u2019AFIC et Pr\u00e9sident de sa Commission Capital Transmission, ainsi que membre du Comit\u00e9 Ex\u00e9cutif de l\u2019EVCA (European Venture Capital Association).\u00a0Il est au conseil d\u2019administration d\u2019OENEO depuis 1997 dont trois ans comme Pr\u00e9sident non ex\u00e9cutif de 2017 \u00e0 2020, ainsi que membre du conseil de surveillance de RUBIS, deux soci\u00e9t\u00e9s cot\u00e9es \u00e0 la Bourse de Paris.<\/p>\n<p>\u00ab\u00a0Abenex est une \u00e9quipe de gens s\u00e9rieux qui ne se prennent pas au s\u00e9rieux.\u00a0\u00bb<\/p>\n","protected":false},"featured_media":3890,"template":"","meta":[],"tags":[],"team-tag":[],"bureau":[64],"grade":[68],"class_list":["post-3799","team","type-team","status-publish","has-post-thumbnail","hentry","bureau-paris","grade-associe"],"acf":[],"yoast_head":"<!-- This site is optimized with the Yoast SEO plugin v27.1.1 - https:\/\/yoast.com\/product\/yoast-seo-wordpress\/ -->\n<title>Herv\u00e9 Claquin | Abenex<\/title>\n<meta name=\"robots\" content=\"index, follow, max-snippet:-1, max-image-preview:large, max-video-preview:-1\" \/>\n<link rel=\"canonical\" href=\"https:\/\/www.abenex.com\/fr\/team\/herve-claquin\/\" \/>\n<meta property=\"og:locale\" content=\"fr_FR\" \/>\n<meta property=\"og:type\" content=\"article\" \/>\n<meta property=\"og:title\" content=\"Herv\u00e9 Claquin | Abenex\" \/>\n<meta property=\"og:description\" content=\"Herv\u00e9 est Associ\u00e9 chez Abenex. Apr\u00e8s avoir dirig\u00e9 plusieurs activit\u00e9s du groupe ABN AMRO \u00e0 Paris (salle des March\u00e9s, Fusions &amp; Acquisitions, etc.) Herv\u00e9 a \u00e9t\u00e9 le fondateur de l\u2019activit\u00e9 Private Equity\u00a0 du Groupe en France, qui deviendra Abenex lors de sa prise d\u2019ind\u00e9pendance en 2008. Herv\u00e9 est originaire de Paris. Parmi les tr\u00e8s nombreuses [&hellip;]\" \/>\n<meta property=\"og:url\" content=\"https:\/\/www.abenex.com\/fr\/team\/herve-claquin\/\" \/>\n<meta property=\"og:site_name\" content=\"Abenex\" \/>\n<meta property=\"article:modified_time\" content=\"2023-09-20T15:36:51+00:00\" \/>\n<meta property=\"og:image\" content=\"https:\/\/www.abenex.com\/wp-content\/uploads\/2022\/09\/018Herve2.jpg\" \/>\n\t<meta property=\"og:image:width\" content=\"800\" \/>\n\t<meta property=\"og:image:height\" content=\"944\" \/>\n\t<meta property=\"og:image:type\" content=\"image\/jpeg\" \/>\n<meta name=\"twitter:card\" content=\"summary_large_image\" \/>\n<meta name=\"twitter:label1\" content=\"Dur\u00e9e de lecture estim\u00e9e\" \/>\n\t<meta name=\"twitter:data1\" content=\"1 minute\" \/>\n<script type=\"application\/ld+json\" class=\"yoast-schema-graph\">{\"@context\":\"https:\/\/schema.org\",\"@graph\":[{\"@type\":[\"WebPage\",\"ProfilePage\"],\"@id\":\"https:\/\/www.abenex.com\/fr\/team\/herve-claquin\/\",\"url\":\"https:\/\/www.abenex.com\/fr\/team\/herve-claquin\/\",\"name\":\"Herv\u00e9 Claquin | Abenex\",\"isPartOf\":{\"@id\":\"https:\/\/www.abenex.com\/#website\"},\"primaryImageOfPage\":{\"@id\":\"https:\/\/www.abenex.com\/fr\/team\/herve-claquin\/#primaryimage\"},\"image\":{\"@id\":\"https:\/\/www.abenex.com\/fr\/team\/herve-claquin\/#primaryimage\"},\"thumbnailUrl\":\"https:\/\/www.abenex.com\/wp-content\/uploads\/2022\/09\/018Herve2.jpg\",\"datePublished\":\"2018-01-29T09:26:32+00:00\",\"dateModified\":\"2023-09-20T15:36:51+00:00\",\"breadcrumb\":{\"@id\":\"https:\/\/www.abenex.com\/fr\/team\/herve-claquin\/#breadcrumb\"},\"inLanguage\":\"fr-FR\",\"potentialAction\":[{\"@type\":\"ReadAction\",\"target\":[\"https:\/\/www.abenex.com\/fr\/team\/herve-claquin\/\"]}]},{\"@type\":\"ImageObject\",\"inLanguage\":\"fr-FR\",\"@id\":\"https:\/\/www.abenex.com\/fr\/team\/herve-claquin\/#primaryimage\",\"url\":\"https:\/\/www.abenex.com\/wp-content\/uploads\/2022\/09\/018Herve2.jpg\",\"contentUrl\":\"https:\/\/www.abenex.com\/wp-content\/uploads\/2022\/09\/018Herve2.jpg\",\"width\":800,\"height\":944},{\"@type\":\"BreadcrumbList\",\"@id\":\"https:\/\/www.abenex.com\/fr\/team\/herve-claquin\/#breadcrumb\",\"itemListElement\":[{\"@type\":\"ListItem\",\"position\":1,\"name\":\"Accueil\",\"item\":\"https:\/\/www.abenex.com\/fr\/\"},{\"@type\":\"ListItem\",\"position\":2,\"name\":\"Herv\u00e9 Claquin\"}]},{\"@type\":\"WebSite\",\"@id\":\"https:\/\/www.abenex.com\/#website\",\"url\":\"https:\/\/www.abenex.com\/\",\"name\":\"Abenex - Investing with purpose\",\"description\":\"Investing with purpose\",\"publisher\":{\"@id\":\"https:\/\/www.abenex.com\/#organization\"},\"potentialAction\":[{\"@type\":\"SearchAction\",\"target\":{\"@type\":\"EntryPoint\",\"urlTemplate\":\"https:\/\/www.abenex.com\/?s={search_term_string}\"},\"query-input\":{\"@type\":\"PropertyValueSpecification\",\"valueRequired\":true,\"valueName\":\"search_term_string\"}}],\"inLanguage\":\"fr-FR\"},{\"@type\":\"Organization\",\"@id\":\"https:\/\/www.abenex.com\/#organization\",\"name\":\"Abenex - Investing with purpose\",\"url\":\"https:\/\/www.abenex.com\/\",\"logo\":{\"@type\":\"ImageObject\",\"inLanguage\":\"fr-FR\",\"@id\":\"https:\/\/www.abenex.com\/#\/schema\/logo\/image\/\",\"url\":\"https:\/\/www.abenex.com\/wp-content\/uploads\/2023\/05\/FULL-LOGO-NOIR-BLEU-1.svg\",\"contentUrl\":\"https:\/\/www.abenex.com\/wp-content\/uploads\/2023\/05\/FULL-LOGO-NOIR-BLEU-1.svg\",\"width\":166,\"height\":34,\"caption\":\"Abenex - Investing with purpose\"},\"image\":{\"@id\":\"https:\/\/www.abenex.com\/#\/schema\/logo\/image\/\"},\"mainEntityOfPage\":{\"@id\":\"https:\/\/www.abenex.com\/fr\/team\/herve-claquin\/\"}}]}<\/script>\n<!-- \/ Yoast SEO plugin. -->","yoast_head_json":{"title":"Herv\u00e9 Claquin | Abenex","robots":{"index":"index","follow":"follow","max-snippet":"max-snippet:-1","max-image-preview":"max-image-preview:large","max-video-preview":"max-video-preview:-1"},"canonical":"https:\/\/www.abenex.com\/fr\/team\/herve-claquin\/","og_locale":"fr_FR","og_type":"article","og_title":"Herv\u00e9 Claquin | Abenex","og_description":"Herv\u00e9 est Associ\u00e9 chez Abenex. Apr\u00e8s avoir dirig\u00e9 plusieurs activit\u00e9s du groupe ABN AMRO \u00e0 Paris (salle des March\u00e9s, Fusions &amp; Acquisitions, etc.) Herv\u00e9 a \u00e9t\u00e9 le fondateur de l\u2019activit\u00e9 Private Equity\u00a0 du Groupe en France, qui deviendra Abenex lors de sa prise d\u2019ind\u00e9pendance en 2008. Herv\u00e9 est originaire de Paris. Parmi les tr\u00e8s nombreuses [&hellip;]","og_url":"https:\/\/www.abenex.com\/fr\/team\/herve-claquin\/","og_site_name":"Abenex","article_modified_time":"2023-09-20T15:36:51+00:00","og_image":[{"width":800,"height":944,"url":"https:\/\/www.abenex.com\/wp-content\/uploads\/2022\/09\/018Herve2.jpg","type":"image\/jpeg"}],"twitter_card":"summary_large_image","twitter_misc":{"Dur\u00e9e de lecture estim\u00e9e":"1 minute"},"schema":{"@context":"https:\/\/schema.org","@graph":[{"@type":["WebPage","ProfilePage"],"@id":"https:\/\/www.abenex.com\/fr\/team\/herve-claquin\/","url":"https:\/\/www.abenex.com\/fr\/team\/herve-claquin\/","name":"Herv\u00e9 Claquin | Abenex","isPartOf":{"@id":"https:\/\/www.abenex.com\/#website"},"primaryImageOfPage":{"@id":"https:\/\/www.abenex.com\/fr\/team\/herve-claquin\/#primaryimage"},"image":{"@id":"https:\/\/www.abenex.com\/fr\/team\/herve-claquin\/#primaryimage"},"thumbnailUrl":"https:\/\/www.abenex.com\/wp-content\/uploads\/2022\/09\/018Herve2.jpg","datePublished":"2018-01-29T09:26:32+00:00","dateModified":"2023-09-20T15:36:51+00:00","breadcrumb":{"@id":"https:\/\/www.abenex.com\/fr\/team\/herve-claquin\/#breadcrumb"},"inLanguage":"fr-FR","potentialAction":[{"@type":"ReadAction","target":["https:\/\/www.abenex.com\/fr\/team\/herve-claquin\/"]}]},{"@type":"ImageObject","inLanguage":"fr-FR","@id":"https:\/\/www.abenex.com\/fr\/team\/herve-claquin\/#primaryimage","url":"https:\/\/www.abenex.com\/wp-content\/uploads\/2022\/09\/018Herve2.jpg","contentUrl":"https:\/\/www.abenex.com\/wp-content\/uploads\/2022\/09\/018Herve2.jpg","width":800,"height":944},{"@type":"BreadcrumbList","@id":"https:\/\/www.abenex.com\/fr\/team\/herve-claquin\/#breadcrumb","itemListElement":[{"@type":"ListItem","position":1,"name":"Accueil","item":"https:\/\/www.abenex.com\/fr\/"},{"@type":"ListItem","position":2,"name":"Herv\u00e9 Claquin"}]},{"@type":"WebSite","@id":"https:\/\/www.abenex.com\/#website","url":"https:\/\/www.abenex.com\/","name":"Abenex - Investing with purpose","description":"Investing with purpose","publisher":{"@id":"https:\/\/www.abenex.com\/#organization"},"potentialAction":[{"@type":"SearchAction","target":{"@type":"EntryPoint","urlTemplate":"https:\/\/www.abenex.com\/?s={search_term_string}"},"query-input":{"@type":"PropertyValueSpecification","valueRequired":true,"valueName":"search_term_string"}}],"inLanguage":"fr-FR"},{"@type":"Organization","@id":"https:\/\/www.abenex.com\/#organization","name":"Abenex - Investing with purpose","url":"https:\/\/www.abenex.com\/","logo":{"@type":"ImageObject","inLanguage":"fr-FR","@id":"https:\/\/www.abenex.com\/#\/schema\/logo\/image\/","url":"https:\/\/www.abenex.com\/wp-content\/uploads\/2023\/05\/FULL-LOGO-NOIR-BLEU-1.svg","contentUrl":"https:\/\/www.abenex.com\/wp-content\/uploads\/2023\/05\/FULL-LOGO-NOIR-BLEU-1.svg","width":166,"height":34,"caption":"Abenex - Investing with purpose"},"image":{"@id":"https:\/\/www.abenex.com\/#\/schema\/logo\/image\/"},"mainEntityOfPage":{"@id":"https:\/\/www.abenex.com\/fr\/team\/herve-claquin\/"}}]}},"_links":{"self":[{"href":"https:\/\/www.abenex.com\/fr\/wp-json\/wp\/v2\/team\/3799","targetHints":{"allow":["GET"]}}],"collection":[{"href":"https:\/\/www.abenex.com\/fr\/wp-json\/wp\/v2\/team"}],"about":[{"href":"https:\/\/www.abenex.com\/fr\/wp-json\/wp\/v2\/types\/team"}],"wp:featuredmedia":[{"embeddable":true,"href":"https:\/\/www.abenex.com\/fr\/wp-json\/wp\/v2\/media\/3890"}],"wp:attachment":[{"href":"https:\/\/www.abenex.com\/fr\/wp-json\/wp\/v2\/media?parent=3799"}],"wp:term":[{"taxonomy":"post_tag","embeddable":true,"href":"https:\/\/www.abenex.com\/fr\/wp-json\/wp\/v2\/tags?post=3799"},{"taxonomy":"team-tag","embeddable":true,"href":"https:\/\/www.abenex.com\/fr\/wp-json\/wp\/v2\/team-tag?post=3799"},{"taxonomy":"bureau","embeddable":true,"href":"https:\/\/www.abenex.com\/fr\/wp-json\/wp\/v2\/bureau?post=3799"},{"taxonomy":"grade","embeddable":true,"href":"https:\/\/www.abenex.com\/fr\/wp-json\/wp\/v2\/grade?post=3799"}],"curies":[{"name":"wp","href":"https:\/\/api.w.org\/{rel}","templated":true}]}}